{"id":4007,"date":"2022-12-08T06:25:04","date_gmt":"2022-12-08T06:25:04","guid":{"rendered":"https:\/\/www.support-studios.com\/datenschutz\/"},"modified":"2024-10-01T11:59:28","modified_gmt":"2024-10-01T11:59:28","slug":"datenschutz","status":"publish","type":"page","link":"https:\/\/www.support-studios.com\/de\/datenschutz\/","title":{"rendered":"Datenschutz"},"content":{"rendered":"\t\t<div data-elementor-type=\"wp-page\" data-elementor-id=\"4007\" class=\"elementor elementor-4007\">\n\t\t\t\t\t\t\t\t\t<section class=\"elementor-section elementor-top-section elementor-element elementor-element-5a7d070 legalpg elementor-section-boxed elementor-section-height-default elementor-section-height-default\" data-id=\"5a7d070\" data-element_type=\"section\">\n\t\t\t\t\t\t<div class=\"elementor-container elementor-column-gap-no\">\n\t\t\t\t\t<div class=\"elementor-column elementor-col-100 elementor-top-column elementor-element elementor-element-8daa9f0\" data-id=\"8daa9f0\" data-element_type=\"column\">\n\t\t\t<div class=\"elementor-widget-wrap elementor-element-populated\">\n\t\t\t\t\t\t\t\t<div class=\"elementor-element elementor-element-5841c01 elementor-widget elementor-widget-heading\" data-id=\"5841c01\" data-element_type=\"widget\" data-widget_type=\"heading.default\">\n\t\t\t\t<div class=\"elementor-widget-container\">\n\t\t\t<style>\/*! elementor - v3.8.1 - 13-11-2022 *\/\n.elementor-heading-title{padding:0;margin:0;line-height:1}.elementor-widget-heading .elementor-heading-title[class*=elementor-size-]>a{color:inherit;font-size:inherit;line-height:inherit}.elementor-widget-heading .elementor-heading-title.elementor-size-small{font-size:15px}.elementor-widget-heading .elementor-heading-title.elementor-size-medium{font-size:19px}.elementor-widget-heading .elementor-heading-title.elementor-size-large{font-size:29px}.elementor-widget-heading .elementor-heading-title.elementor-size-xl{font-size:39px}.elementor-widget-heading .elementor-heading-title.elementor-size-xxl{font-size:59px}<\/style><h4 class=\"elementor-heading-title elementor-size-default\">Datenschutz<\/h4>\t\t<\/div>\n\t\t\t\t<\/div>\n\t\t\t\t<div class=\"elementor-element elementor-element-74ccce1 elementor-widget elementor-widget-heading\" data-id=\"74ccce1\" data-element_type=\"widget\" data-widget_type=\"heading.default\">\n\t\t\t\t<div class=\"elementor-widget-container\">\n\t\t\t<h2 class=\"elementor-heading-title elementor-size-default\">Datenschutzerkl\u00e4rung<\/h2>\t\t<\/div>\n\t\t\t\t<\/div>\n\t\t\t\t<div class=\"elementor-element elementor-element-54d8de5 elementor-widget elementor-widget-heading\" data-id=\"54d8de5\" data-element_type=\"widget\" data-widget_type=\"heading.default\">\n\t\t\t\t<div class=\"elementor-widget-container\">\n\t\t\t<h4 class=\"elementor-heading-title elementor-size-default\">I. Name und Anschrift des Verantwortlichen<\/h4>\t\t<\/div>\n\t\t\t\t<\/div>\n\t\t\t\t<div class=\"elementor-element elementor-element-d12532b elementor-widget elementor-widget-text-editor\" data-id=\"d12532b\" data-element_type=\"widget\" data-widget_type=\"text-editor.default\">\n\t\t\t\t<div class=\"elementor-widget-container\">\n\t\t\t<style>\/*! elementor - v3.8.1 - 13-11-2022 *\/\n.elementor-widget-text-editor.elementor-drop-cap-view-stacked .elementor-drop-cap{background-color:#818a91;color:#fff}.elementor-widget-text-editor.elementor-drop-cap-view-framed .elementor-drop-cap{color:#818a91;border:3px solid;background-color:transparent}.elementor-widget-text-editor:not(.elementor-drop-cap-view-default) .elementor-drop-cap{margin-top:8px}.elementor-widget-text-editor:not(.elementor-drop-cap-view-default) .elementor-drop-cap-letter{width:1em;height:1em}.elementor-widget-text-editor .elementor-drop-cap{float:left;text-align:center;line-height:1;font-size:50px}.elementor-widget-text-editor .elementor-drop-cap-letter{display:inline-block}<\/style>\t\t\t\t<p>Der Verantwortliche im Sinne der Datenschutz-Grundverordnung (DSGVO) und anderer datenschutzrechtlicher Bestimmungen ist:<br \/><br \/>Support Studios Research GmbH<br \/>Zeil 77<br \/>60313 Frankfurt am Main<br \/>Deutschland<br \/><br \/>Telefon: +49 (0) 69 968 699 0<br \/>E-Mail: dataprotection@support-studios.com<\/p><p>URL: www.support-studios.com<\/p>\t\t\t\t\t\t<\/div>\n\t\t\t\t<\/div>\n\t\t\t\t<div class=\"elementor-element elementor-element-8e09140 elementor-widget elementor-widget-heading\" data-id=\"8e09140\" data-element_type=\"widget\" data-widget_type=\"heading.default\">\n\t\t\t\t<div class=\"elementor-widget-container\">\n\t\t\t<h4 class=\"elementor-heading-title elementor-size-default\">II. Kontaktdaten des Datenschutzbeauftragten<\/h4>\t\t<\/div>\n\t\t\t\t<\/div>\n\t\t\t\t<div class=\"elementor-element elementor-element-b948f8c elementor-widget elementor-widget-text-editor\" data-id=\"b948f8c\" data-element_type=\"widget\" data-widget_type=\"text-editor.default\">\n\t\t\t\t<div class=\"elementor-widget-container\">\n\t\t\t\t\t\t\t<p>Der Datenschutzbeauftragte des Verantwortlichen ist:<\/p><p>\u00a0<\/p><p>DataCo GmbH<br \/>Dachauer Stra\u00dfe 65<br \/>80335 M\u00fcnchen<br \/>Deutschland<\/p><p>\u00a0<\/p><p>Telefon: +49 (0) 89 7400 45840<br \/>URL:\u00a0<a href=\"http:\/\/www.dataguard.de\" target=\"_blank\" rel=\"noopener\">www.dataguard.de<\/a><\/p>\t\t\t\t\t\t<\/div>\n\t\t\t\t<\/div>\n\t\t\t\t<div class=\"elementor-element elementor-element-2ea0564 elementor-widget elementor-widget-heading\" data-id=\"2ea0564\" data-element_type=\"widget\" data-widget_type=\"heading.default\">\n\t\t\t\t<div class=\"elementor-widget-container\">\n\t\t\t<h4 class=\"elementor-heading-title elementor-size-default\">III. Allgemeines zur Datenverarbeitung<\/h4>\t\t<\/div>\n\t\t\t\t<\/div>\n\t\t\t\t<div class=\"elementor-element elementor-element-a8b07a0 elementor-widget elementor-widget-text-editor\" data-id=\"a8b07a0\" data-element_type=\"widget\" data-widget_type=\"text-editor.default\">\n\t\t\t\t<div class=\"elementor-widget-container\">\n\t\t\t\t\t\t\t<p>1. Umfang der Verarbeitung personenbezogener Daten<\/p><p><span style=\"color: var( --e-global-color-text );\">\u00a0<\/span><\/p><p><span style=\"color: var( --e-global-color-text );\">Wir verarbeiten personenbezogene Daten unserer Nutzer grunds\u00e4tzlich nur, soweit dies zur Bereitstellung einer funktionsf\u00e4higen Webseite sowie unserer Inhalte und Leistungen erforderlich ist. Die Verarbeitung personenbezogener Daten unserer Nutzer erfolgt regelm\u00e4\u00dfig nur nach Einwilligung des Nutzers. Eine Ausnahme gilt in solchen F\u00e4llen, in denen eine vorherige Einholung einer Einwilligung aus tats\u00e4chlichen Gr\u00fcnden nicht m\u00f6glich ist und die Verarbeitung der Daten durch gesetzliche Vorschriften erforderlich ist.<\/span><\/p><p>\u00a0<\/p><p>2. Rechtsgrundlage f\u00fcr die Verarbeitung personenbezogener Daten<\/p><p>\u00a0<\/p><p>Soweit wir f\u00fcr Verarbeitungsvorg\u00e4nge personenbezogener Daten eine Einwilligung der betroffenen Person einholen, dient Art. 6 Abs. 1 S. 1 lit. a DSGVO als Rechtsgrundlage.<\/p><p>\u00a0<\/p><p>Bei der Verarbeitung von personenbezogenen Daten, die zur Erf\u00fcllung eines Vertrages, dessen Vertragspartei die betroffene Person ist, erforderlich ist, dient Art. 6 Abs. 1 S. 1 lit. b DSGVO als Rechtsgrundlage. Dies gilt auch f\u00fcr Verarbeitungsvorg\u00e4nge, die zur Durchf\u00fchrung vorvertraglicher Ma\u00dfnahmen erforderlich sind.<\/p><p>\u00a0<\/p><p>Soweit eine Verarbeitung personenbezogener Daten zur Erf\u00fcllung einer rechtlichen Verpflichtung erforderlich ist, der unser Unternehmen unterliegt, dient Art. 6 Abs. 1 S. 1 lit. c DSGVO als Rechtsgrundlage.<\/p><p>\u00a0<\/p><p>F\u00fcr den Fall, dass lebenswichtige Interessen der betroffenen Person oder einer anderen nat\u00fcrlichen Person eine Verarbeitung personenbezogener Daten erforderlich machen, dient Art. 6 Abs. 1 S. 1 lit. d DSGVO als Rechtsgrundlage.<\/p><p>\u00a0<\/p><p>Ist die Verarbeitung zur Wahrung eines berechtigten Interesses unseres Unternehmens oder eines Dritten erforderlich und \u00fcberwiegen die Interessen, Grundrechte und Grundfreiheiten des Betroffenen das erstgenannte Interesse nicht, so dient Art. 6 Abs. 1 S. 1 lit. f DSGVO als Rechtsgrundlage f\u00fcr die Verarbeitung.<\/p><p>\u00a0<\/p><p>3. Datenl\u00f6schung und Speicherdauer<\/p><p>\u00a0<\/p><p>Die personenbezogenen Daten der betroffenen Person werden gel\u00f6scht oder gesperrt, sobald der Zweck der Speicherung entf\u00e4llt. Eine Speicherung kann dar\u00fcber hinaus erfolgen, wenn dies durch den europ\u00e4ischen oder nationalen Gesetzgeber in unionsrechtlichen Verordnungen, Gesetzen oder sonstigen Vorschriften, denen der Verantwortliche unterliegt, vorgesehen wurde. Eine Sperrung oder L\u00f6schung der Daten erfolgt auch dann, wenn eine durch die genannten Normen vorgeschriebene Speicherfrist abl\u00e4uft, es sei denn, dass eine Erforderlichkeit zur weiteren Speicherung der Daten f\u00fcr einen Vertragsabschluss oder eine Vertragserf\u00fcllung besteht.<\/p>\t\t\t\t\t\t<\/div>\n\t\t\t\t<\/div>\n\t\t\t\t<div class=\"elementor-element elementor-element-f9783b4 elementor-widget elementor-widget-heading\" data-id=\"f9783b4\" data-element_type=\"widget\" data-widget_type=\"heading.default\">\n\t\t\t\t<div class=\"elementor-widget-container\">\n\t\t\t<h4 class=\"elementor-heading-title elementor-size-default\">IV. Rechte der betroffenen Person<\/h4>\t\t<\/div>\n\t\t\t\t<\/div>\n\t\t\t\t<div class=\"elementor-element elementor-element-646719b elementor-widget elementor-widget-text-editor\" data-id=\"646719b\" data-element_type=\"widget\" data-widget_type=\"text-editor.default\">\n\t\t\t\t<div class=\"elementor-widget-container\">\n\t\t\t\t\t\t\t<p>Werden personenbezogene Daten von Ihnen verarbeitet, sind Sie Betroffener i.S.d. DSGVO und es stehen Ihnen folgende Rechte gegen\u00fcber dem Verantwortlichen zu:<\/p><p>\u00a0<\/p><p>1. Das Recht auf Auskunft (Art. 15 DSGVO)<\/p><p>\u00a0<\/p><p>Sie haben das Recht, von uns eine Best\u00e4tigung dar\u00fcber zu verlangen, ob sie betreffende personenbezogene Daten verarbeitet werden.<\/p><p>Ist dies der Fall, haben Sie ein Recht auf Auskunft \u00fcber diese Daten und auf folgende Informationen:<\/p><p>\u00a0<\/p><ol><li style=\"list-style-type: none;\"><ul><li>Verarbeitungszwecke<\/li><li>Kategorien der personenbezogenen Daten<\/li><li>Empf\u00e4nger oder Kategorien von Empf\u00e4ngern<\/li><li>Geplante Speicherdauer bzw. die Kriterien f\u00fcr die Festlegung dieser Dauer<\/li><li>das Bestehen der Rechte auf Berichtigung, L\u00f6schung oder Einschr\u00e4nkung oder Widerspruch<\/li><li>Beschwerderecht bei der zust\u00e4ndigen Aufsichtsbeh\u00f6rde<\/li><li>Ggf. Herkunft der Daten (falls bei einem Dritten erhoben)<\/li><li>Ggf. Bestehen einer automatisierten Entscheidungsfindung einschlie\u00dflich Profiling mit aussagekr\u00e4ftigen Informationen \u00fcber die involvierte Logik, die Tragweite und die zu erwartenden Auswirkungen<\/li><li>Ggf. \u00dcbermittlung personenbezogener Daten an ein Drittland oder internationale Organisation<\/li><\/ul><\/li><\/ol><p>\u00a0<\/p><p>2. Recht auf Berichtigung (Art. 16 DSGVO)<\/p><p><span style=\"color: var( --e-global-color-text );\">\u00a0<\/span><\/p><p><span style=\"color: var( --e-global-color-text );\">Sollten Ihre personenbezogenen Daten unrichtig oder unvollst\u00e4ndig sein, steht Ihnen das Recht zu, eine unverz\u00fcgliche Korrektur oder Erg\u00e4nzung der personenbezogenen Daten anzufordern.<\/span><\/p><p><span style=\"color: var( --e-global-color-text );\">\u00a0<\/span><\/p><p>3. Recht auf Einschr\u00e4nkung der Verarbeitung (Art. 18 DSGVO)<\/p><p><span style=\"color: var( --e-global-color-text );\">\u00a0<\/span><\/p><p>Sofern eine der folgenden Voraussetzungen erf\u00fcllt ist, steht Ihnen das Recht zu, eine Einschr\u00e4nkung der Verarbeitung Ihrer personenbezogenen Daten zu verlangen:<\/p><p>\u00a0<\/p><ul><li style=\"list-style-type: none;\"><ul><li>Sie bestreiten die Richtigkeit Ihrer personenbezogenen Daten, und zwar f\u00fcr eine Dauer, die es uns erm\u00f6glicht, die Richtigkeit der personenbezogenen Daten zu \u00fcberpr\u00fcfen.<\/li><li>Im Rahmen einer unrechtm\u00e4\u00dfigen Verarbeitung lehnen Sie die L\u00f6schung der personenbezogenen Daten ab und verlangen stattdessen die Einschr\u00e4nkung der Nutzung der personenbezogenen Daten.<\/li><li>Wir ben\u00f6tigen Ihre personenbezogenen Daten f\u00fcr die Zwecke der Verarbeitung nicht l\u00e4nger, Sie ben\u00f6tigen Ihre personenbezogenen Daten jedoch zur Geltendmachung, Aus\u00fcbung oder Verteidigung Ihrer Rechtsanspr\u00fcche oder<\/li><li>nachdem Sie Widerspruch gegen die Verarbeitung eingelegt haben, f\u00fcr die Dauer der Pr\u00fcfung, ob unsere berechtigten Gr\u00fcnde gegen\u00fcber Ihren Gr\u00fcnden \u00fcberwiegen.<\/li><\/ul><\/li><\/ul><p>\u00a0<\/p><p>4. Recht auf L\u00f6schung (&#8222;Recht auf Vergessenwerden&#8220;) (Art. 17 DSGVO)<\/p><p>\u00a0<\/p><p>Sofern einer der folgenden Gr\u00fcnde vorliegt, steht Ihnen das Recht zu, eine unverz\u00fcgliche L\u00f6schung ihrer personenbezogenen Daten zu verlangen:<\/p><p>\u00a0<\/p><ol><li style=\"list-style-type: none;\"><ul><li>Ihre Daten sind f\u00fcr die Verarbeitungszwecke, f\u00fcr die sie urspr\u00fcnglich erhoben wurden, nicht mehr notwendig.<\/li><li>Sie Ihre Einwilligung widerrufen und es fehlt an einer anderweitigen Rechtsgrundlage f\u00fcr die Verarbeitung.<\/li><li>Sie legen Widerspruch gegen die Verarbeitung ein und es liegen keine vorrangigen berechtigten Gr\u00fcnde f\u00fcr die Verarbeitung vor oder Sie legen Widerspruch gem. Art. 21 Abs. 2 DSGVO ein.<\/li><li>Ihre personenbezogenen Daten werden unrechtm\u00e4\u00dfig verarbeitet.<\/li><li>Die L\u00f6schung ist zur Erf\u00fcllung einer rechtlichen Verpflichtung nach dem Unionsrecht oder dem Recht des Mitgliedsstaats, dem wir unterliegen, erforderlich.<\/li><li>Die personenbezogenen Daten wurden in Bezug auf angebotene Dienste der Informationsgesellschaft gem\u00e4\u00df Artikel 8 Abs. 1 DSGVO erhoben.<\/li><\/ul><\/li><\/ol><p>\u00a0<\/p><p>Bitte beachten Sie, dass die o.g. Gr\u00fcnde nicht gelten, soweit die Verarbeitung erforderlich ist:<\/p><p>\u00a0<\/p><ul><li style=\"list-style-type: none;\"><ul><li>Zur Aus\u00fcbung des Rechts auf freie Meinungs\u00e4u\u00dferung und Information;<\/li><li>Zur Erf\u00fcllung einer Rechtlichen Verpflichtung oder zur Wahrnehmung einer Aufgabe, die im \u00f6ffentlichen Interesse liegt und der wir unterliegen.<\/li><li>Aus Gr\u00fcnden des \u00f6ffentlichen Interesses im Bereich der \u00f6ffentlichen Gesundheit.<\/li><li>F\u00fcr im \u00f6ffentlichen Interesse liegende Archivzwecke, wissenschaftliche oder historische Forschungszwecke oder f\u00fcr statistische Zwecke.<\/li><li>zur Geltendmachung, Aus\u00fcbung oder Verteidigung von Rechtsanspr\u00fcchen.<\/li><\/ul><\/li><\/ul><p>\u00a0<\/p><p>5. Recht auf Daten\u00fcbertragbarkeit (Art. 20 DSGVO)<\/p><p>\u00a0<\/p><p>Ihnen steht das Recht zu, Ihre personenbezogenen Daten, in einem strukturierten, g\u00e4ngigen und maschinenlesbaren Format zu erhalten oder die \u00dcbermittlung an einen anderen Verantwortlichen zu verlangen.<\/p><p>\u00a0<\/p><p>6. Recht auf Widerspruch gegen bestimmte Datenverarbeitung (Art. 21 DSGVO)<\/p><p>\u00a0<\/p><p>Sie haben das Recht, aus Gr\u00fcnden, die sich aus Ihrer besonderen Situation ergeben, jederzeit gegen die Verarbeitung der Sie betreffenden personenbezogenen Daten, die aufgrund von Art. 6 Abs. 1 S. 1 lit. e oder f DSGVO erfolgt, Widerspruch einzulegen. Dies gilt auch f\u00fcr ein auf diese Bestimmungen gest\u00fctztes Profiling.<\/p><p>\u00a0<\/p><p>Werden die Sie betreffenden personenbezogenen Daten verarbeitet, um Direktwerbung zu betreiben, haben Sie das Recht, jederzeit Widerspruch gegen die Verarbeitung der Sie betreffenden personenbezogenen Daten zum Zwecke derartiger Werbung einzulegen; dies gilt auch f\u00fcr das Profiling, soweit es mit solcher Direktwerbung in Verbindung steht.<\/p><p>\u00a0<\/p><p>7. Recht auf Beschwerde bei einer Aufsichtsbeh\u00f6rde<\/p><p>\u00a0<\/p><p>Unbeschadet eines anderweitigen verwaltungsrechtlichen oder gerichtlichen Rechtsbehelfs steht Ihnen das Recht auf Beschwerde bei einer Aufsichtsbeh\u00f6rde zu, wenn Sie der Ansicht sind, dass die Verarbeitung der Sie betreffenden personenbezogenen Daten gegen die DSGVO verst\u00f6\u00dft. Die Aufsichtsbeh\u00f6rde, bei der die Beschwerde eingereicht wurde, unterrichtet den Beschwerdef\u00fchrer \u00fcber den Stand und die Ergebnisse der Beschwerde einschlie\u00dflich der M\u00f6glichkeit eines gerichtlichen Rechtsbehelfs nach Art. 78 DSGVO. Eine Liste, der in Deutschland \u00f6rtlich zust\u00e4ndigen Aufsichtsbeh\u00f6rden k\u00f6nnen Sie auf der Website der Bundesbeauftragten f\u00fcr Datenschutz unter folgendem Link abrufen:\u00a0<a href=\"https:\/\/www.bfdi.bund.de\/DE\/Service\/Anschriften\/Laender\/Laender-node.html\" target=\"_blank\" rel=\"noopener\">https:\/\/www.bfdi.bund.de\/DE\/Service\/Anschriften\/Laender\/Laender-node.html<\/a><\/p>\t\t\t\t\t\t<\/div>\n\t\t\t\t<\/div>\n\t\t\t\t<div class=\"elementor-element elementor-element-9a1a201 elementor-widget elementor-widget-heading\" data-id=\"9a1a201\" data-element_type=\"widget\" data-widget_type=\"heading.default\">\n\t\t\t\t<div class=\"elementor-widget-container\">\n\t\t\t<h4 class=\"elementor-heading-title elementor-size-default\">V. Verwendung von Cookies<\/h4>\t\t<\/div>\n\t\t\t\t<\/div>\n\t\t\t\t<div class=\"elementor-element elementor-element-5eddc23 elementor-widget elementor-widget-text-editor\" data-id=\"5eddc23\" data-element_type=\"widget\" data-widget_type=\"text-editor.default\">\n\t\t\t\t<div class=\"elementor-widget-container\">\n\t\t\t\t\t\t\t<p>1. Beschreibung und Umfang der Datenverarbeitung<\/p><p>\u00a0<\/p><p>Bei Ihrem Besuch unserer Webseite verwenden wir technische Hilfsmittel f\u00fcr verschiedene Funktionen, insbesondere Cookies, die auf Ihrem Endger\u00e4t gespeichert werden k\u00f6nnen. Sie haben bei Aufruf unserer Website und jederzeit sp\u00e4ter die Wahl, ob Sie das Setzen von Cookies generell zulassen oder welche einzelnen zus\u00e4tzlichen Funktionen Sie ausw\u00e4hlen m\u00f6chten. \u00c4nderungen k\u00f6nnen Sie in Ihren Browsereinstellungen oder \u00fcber unseren Consent-Manager vornehmen.<\/p><p>\u00a0<\/p><p>Cookies sind Textdateien oder Informationen in einer Datenbank, die auf Ihrer Festplatte gespeichert und dem von Ihnen verwendeten Browser zugeordnet werden, sodass der Stelle, die den Cookie setzt, bestimmte Informationen zuflie\u00dfen k\u00f6nnen. Nachfolgend beschreiben wir, welche Art von Cookies wir einsetzen:<\/p><p>\u00a0<\/p><p>Wir setzen technisch notwendige Cookies ein, die f\u00fcr den technischen Aufbau der Webseite erforderlich sind. Ohne diese Cookies kann unsere Webseite nicht (vollst\u00e4ndig korrekt) angezeigt werden oder die Support-Funktionen sind nicht m\u00f6glich.<\/p><p>\u00a0<\/p><p>Folgende Daten werden durch die technisch notwendigen Cookies gespeichert und \u00fcbermittelt:<\/p><p>\u00a0<\/p><ol><li style=\"list-style-type: none;\"><ul><li><p>Bildschirmaufl\u00f6sung<\/p><\/li><li><p>Spracheinstellungen<\/p><\/li><\/ul><\/li><\/ol><p>\u00a0<\/p><p>2. Zweck der Datenverarbeitung<\/p><p>\u00a0<\/p><p>Der Zweck der Verwendung technisch notwendiger Cookies ist, die Funktionalit\u00e4t unserer Webseite zu gew\u00e4hrleisten. Einige Funktionen unserer Internetseite k\u00f6nnen ohne den Einsatz von Cookies nicht angeboten werden. F\u00fcr diese ist es erforderlich, dass der Browser auch nach einem Seitenwechsel wiedererkannt wird.<\/p><p>\u00a0<\/p><p>F\u00fcr folgende Anwendungen ben\u00f6tigen wir die technisch notwendigen Cookies:<\/p><p>\u00a0<\/p><ol><li style=\"list-style-type: none;\"><ul><li><p>\u00dcbernahme von Spracheinstellungen<\/p><\/li><\/ul><\/li><\/ol><p>\u00a0<\/p><p>3. Rechtsgrundlage f\u00fcr die Datenverarbeitung<\/p><p>\u00a0<\/p><p>F\u00fcr die Speicherung von Informationen in der Endeinrichtung des Endnutzers und\/oder den Zugriff auf bereits in der Endeinrichtung des Endnutzers gespeicherte Informationen sind die Bestimmungen des Telekommunikation-Telemedien-Datenschutz-Gesetzes (TTDSG) einschl\u00e4gig. Wenn das Setzen und Auslesen\u00a0<span style=\"color: var( --e-global-color-text );\">von Cookies technisch erforderlich ist, erfolgt dies, um die Funktionalit\u00e4t unserer Webseite zu gew\u00e4hrleisten. In diesem Fall erfolgt die Speicherung von und der Zugriff auf Cookies auf Ihrer Endeinrichtung auf Grundlage von \u00a7 25 Abs. 2 Nr. 2 TTDSG. Diese Speicherung und Zugriff auf die\u00a0<\/span><span style=\"color: var( --e-global-color-text );\">Informationen in Ihrer Endeinrichtung dienen dazu, Ihnen die Nutzung unserer Webseite zu erleichtern und Ihnen unsere Dienste, wie von Ihnen gew\u00fcnscht, anbieten zu k\u00f6nnen. Einige Funktionen unserer Webseite funktionieren auch nicht ohne den Einsatz dieser Cookies und k\u00f6nnten daher nicht angeboten werden. Die Cookies werden grds. nach Beendigung der Sitzung (z.B. Ausloggen oder Schlie\u00dfen des Browsers) oder nach dem Ablauf einer vorgegebenen Dauer gel\u00f6scht. Informationen \u00fcber abweichende Speicherfristen bei Cookies k\u00f6nnen Sie den nachfolgenden Abschnitten dieser Datenschutzerkl\u00e4rung entnehmen.<\/span><\/p><p><span style=\"color: var( --e-global-color-text );\">\u00a0<\/span><\/p><p>Soweit Cookies eingesetzt werden, die technisch nicht notwendig sind, erfolgt dies auf Grundlage Ihrer ausdr\u00fccklichen Einwilligung, die Sie \u00fcber das Cookie-Banner erteilen k\u00f6nnen. Die Grundlage f\u00fcr die Speicherung und Zugriff auf Informationen ist in diesem Fall \u00a7 25 Abs. 1 TTDSG i.V.m. Art. 6 Abs. 1 lit. a), Art. 7 DSGVO. Sie k\u00f6nnen Ihre Einwilligung jederzeit mit Wirkung f\u00fcr die Zukunft widerrufen bzw.\u00a0<span style=\"color: var( --e-global-color-text );\">nachtr\u00e4glich wieder erteilen, indem Sie Ihre Einstellungen zu Cookies entsprechend konfigurieren. Alternativ k\u00f6nnen Sie die Speicherung von Cookies durch Vornahme entsprechender Einstellung Ihrer BrowserSoftware verhindern. Bitte beachten Sie dabei, dass die vorgenommenen Browsereinstellungen immer nur f\u00fcr den jeweils verwendeten Browser wirken. Wenn personenbezogene Daten im Anschluss an die Speicherung von und den Zugriff auf die Informationen auf Ihrer Endeinrichtung verarbeitet werden, sind die Bestimmungen der DSGVO einschl\u00e4gig. Informationen dazu k\u00f6nnen Sie den nachfolgenden Abschnitten dieser Datenschutzerkl\u00e4rung entnehmen.<\/span><\/p>\t\t\t\t\t\t<\/div>\n\t\t\t\t<\/div>\n\t\t\t\t<div class=\"elementor-element elementor-element-738ad00 elementor-widget elementor-widget-heading\" data-id=\"738ad00\" data-element_type=\"widget\" data-widget_type=\"heading.default\">\n\t\t\t\t<div class=\"elementor-widget-container\">\n\t\t\t<h4 class=\"elementor-heading-title elementor-size-default\">VI. E-Mail-Kontakt<\/h4>\t\t<\/div>\n\t\t\t\t<\/div>\n\t\t\t\t<div class=\"elementor-element elementor-element-144ae0c elementor-widget elementor-widget-text-editor\" data-id=\"144ae0c\" data-element_type=\"widget\" data-widget_type=\"text-editor.default\">\n\t\t\t\t<div class=\"elementor-widget-container\">\n\t\t\t\t\t\t\t<p>1. Beschreibung und Umfang der Datenverarbeitung<\/p><p>\u00a0<\/p><p>Auf unserer Internetseite ist eine Kontaktaufnahme \u00fcber die bereitgestellte E-Mailadresse m\u00f6glich. In diesem Fall werden die mit der E-Mail \u00fcbermittelten personenbezogenen Daten des Nutzers gespeichert.<\/p><p>\u00a0<\/p><p>Die Daten werden ausschlie\u00dflich f\u00fcr die Verarbeitung der Konversation verwendet.<\/p><p>\u00a0<\/p><p>2. Zweck der Datenverarbeitung<\/p><p>\u00a0<\/p><p>Im Falle einer Kontaktaufnahme per E-Mail liegt hieran auch das erforderliche berechtigte Interesse an der Verarbeitung der Daten.<\/p><p>\u00a0<\/p><p>3. Rechtsgrundlage f\u00fcr die Datenverarbeitung<\/p><p>\u00a0<\/p><p>Rechtsgrundlage f\u00fcr die Verarbeitung der Daten, die im Zuge der \u00dcbersendung einer E-Mail \u00fcbermittelt werden, ist Art. 6 Abs. 1 lit. f DSGVO. Unser berechtigtes Interesse besteht darin, Ihre Anfrage, die Sie per E-Mail versenden, optimal zu beantworten.<\/p><p>\u00a0<\/p><p>Zielt der E-Mail-Kontakt auf den Abschluss eines Vertrages ab, so ist zus\u00e4tzliche Rechtsgrundlage f\u00fcr die Verarbeitung Art. 6 Abs. 1 lit. b DSGVO.<\/p><p>\u00a0<\/p><p>4. Dauer der Speicherung<\/p><p>\u00a0<\/p><p>Die Daten werden gel\u00f6scht, sobald sie f\u00fcr die Erreichung des Zweckes ihrer Erhebung nicht mehr erforderlich sind. F\u00fcr die personenbezogenen Daten, die per E-Mail \u00fcbersandt wurden, ist dies dann der Fall, wenn die jeweilige Konversation mit dem Nutzer beendet ist. Beendet ist die Konversation dann, wenn sich aus den Umst\u00e4nden entnehmen l\u00e4sst, dass der betroffene Sachverhalt abschlie\u00dfend gekl\u00e4rt ist.<\/p><p>\u00a0<\/p><p>Die w\u00e4hrend des Absendevorgangs zus\u00e4tzlich erhobenen personenbezogenen Daten werden, sobald sie nicht mehr ben\u00f6tigt werden, gel\u00f6scht.<\/p><p>\u00a0<\/p><p>5. M\u00f6glichkeit des Widerspruchs<\/p><p>\u00a0<\/p><p>Nimmt der Nutzer per E-Mail Kontakt mit uns auf, so kann er der Speicherung seiner personenbezogenen Daten jederzeit widersprechen. In einem solchen Fall kann die Konversation nicht fortgef\u00fchrt werden.<\/p><p>\u00a0<\/p><p>Sie haben jederzeit das Recht unentgeltlich Auskunft \u00fcber Herkunft, Empf\u00e4nger und Zweck Ihrer gespeicherten personenbezogenen Daten zu erhalten. Sie haben au\u00dferdem ein Recht, die Berichtigung, Sperrung oder L\u00f6schung dieser Daten zu verlangen. Hierzu sowie zu weiteren Fragen zum Thema Datenschutz k\u00f6nnen Sie sich jederzeit unter der im Impressum angegebenen Adresse an uns wenden. Des Weiteren steht Ihnen ein Beschwerderecht bei der zust\u00e4ndigen Aufsichtsbeh\u00f6rde zu.<\/p><p>\u00a0<\/p><p>Alle personenbezogenen Daten, die im Zuge der Kontaktaufnahme gespeichert wurden, werden in diesem Fall gel\u00f6scht.<\/p><p>\u00a0<\/p><p>Sie haben jederzeit das Recht unentgeltlich Auskunft \u00fcber Herkunft, Empf\u00e4nger und Zweck Ihrer gespeicherten personenbezogenen Daten zu erhalten. Sie haben au\u00dferdem ein Recht, die Berichtigung, Sperrung oder L\u00f6schung dieser Daten zu verlangen. Hierzu sowie zu weiteren Fragen zum Thema Datenschutz k\u00f6nnen Sie sich jederzeit unter der im Impressum angegebenen Adresse an uns wenden. Des Weiteren steht Ihnen ein Beschwerderecht bei der zust\u00e4ndigen Aufsichtsbeh\u00f6rde zu.<\/p>\t\t\t\t\t\t<\/div>\n\t\t\t\t<\/div>\n\t\t\t\t<div class=\"elementor-element elementor-element-c9c75d1 elementor-widget elementor-widget-heading\" data-id=\"c9c75d1\" data-element_type=\"widget\" data-widget_type=\"heading.default\">\n\t\t\t\t<div class=\"elementor-widget-container\">\n\t\t\t<h4 class=\"elementor-heading-title elementor-size-default\">VII. Bewerbung per E-Mail<\/h4>\t\t<\/div>\n\t\t\t\t<\/div>\n\t\t\t\t<div class=\"elementor-element elementor-element-0d3ee93 elementor-widget elementor-widget-text-editor\" data-id=\"0d3ee93\" data-element_type=\"widget\" data-widget_type=\"text-editor.default\">\n\t\t\t\t<div class=\"elementor-widget-container\">\n\t\t\t\t\t\t\t<p>Sie k\u00f6nnen uns Ihre Bewerbung per E-Mail zusenden. Wir erfassen dabei Ihre E-Mailadresse und die in der E-Mail von Ihnen mitgeteilten Daten.<\/p><p>\u00a0<\/p><p>Dar\u00fcber hinaus bieten wir einen Bewerber-\/Talent-Pool an.<\/p><p>\u00a0<\/p><p>Es erfolgt keine Weitergabe an Dritte. Die Verarbeitung der personenbezogenen Daten aus Ihrer Bewerbungs-E-Mail dient uns allein zur Bearbeitung Ihrer Bewerbung.<\/p>\t\t\t\t\t\t<\/div>\n\t\t\t\t<\/div>\n\t\t\t\t<div class=\"elementor-element elementor-element-f23dea3 elementor-widget elementor-widget-heading\" data-id=\"f23dea3\" data-element_type=\"widget\" data-widget_type=\"heading.default\">\n\t\t\t\t<div class=\"elementor-widget-container\">\n\t\t\t<h4 class=\"elementor-heading-title elementor-size-default\">VIII. Hosting<\/h4>\t\t<\/div>\n\t\t\t\t<\/div>\n\t\t\t\t<div class=\"elementor-element elementor-element-9c3d757 elementor-widget elementor-widget-text-editor\" data-id=\"9c3d757\" data-element_type=\"widget\" data-widget_type=\"text-editor.default\">\n\t\t\t\t<div class=\"elementor-widget-container\">\n\t\t\t\t\t\t\t<p>Die Webseite wird auf Servern von einem durch uns beauftragten Dienstleister gehostet.<\/p><p>\u00a0<\/p><p>Unser Dienstleister ist:<\/p><p>\u00a0<\/p><p><strong>1&amp;1 IONOS SE<\/strong>, Elgendorfer Str. 57, 56410 Montabaur, Deutschland<\/p><p>\u00a0<\/p><p>Die Server erheben und speichern automatisch Informationen in sogenannten Server-Log-Dateien, die Ihr Browser beim Besuch der Webseite automatisch \u00fcbermittelt. Die gespeicherten Informationen sind:<\/p><p>\u00a0<\/p><ol><li style=\"list-style-type: none;\"><ul><li>Browsertyp und Browserversion<\/li><li>Verwendetes Betriebssystem<\/li><li>Referrer URL<\/li><li>Hostname des zugreifenden Rechners<\/li><li>Datum und Uhrzeit der Serveranfrage<\/li><li>IP-Adresse<\/li><\/ul><\/li><\/ol><p>\u00a0<\/p><p>Eine Zusammenf\u00fchrung dieser Daten mit anderen Datenquellen wird nicht vorgenommen. Die Erfassung dieser Daten erfolgt auf Grundlage von Art. 6 Abs. 1 lit. f DSGVO. Unser berechtigtes Interesse f\u00fcr die Verarbeitung dieser Daten besteht darin, unsere Webseite fehlerfrei darzustellen und ihre Funktionen zu optimieren.<\/p><p>\u00a0<\/p><p>Der Standort des Servers der Webseite liegt geografisch in Deutschland.<\/p>\t\t\t\t\t\t<\/div>\n\t\t\t\t<\/div>\n\t\t\t\t<div class=\"elementor-element elementor-element-e67054e elementor-widget elementor-widget-heading\" data-id=\"e67054e\" data-element_type=\"widget\" data-widget_type=\"heading.default\">\n\t\t\t\t<div class=\"elementor-widget-container\">\n\t\t\t<h4 class=\"elementor-heading-title elementor-size-default\">IX. \u00c4nderung unserer Datenschutzerkl\u00e4rung<\/h4>\t\t<\/div>\n\t\t\t\t<\/div>\n\t\t\t\t<div class=\"elementor-element elementor-element-dd80e51 elementor-widget elementor-widget-text-editor\" data-id=\"dd80e51\" data-element_type=\"widget\" data-widget_type=\"text-editor.default\">\n\t\t\t\t<div class=\"elementor-widget-container\">\n\t\t\t\t\t\t\t<p>Wir behalten uns das Recht vor, jederzeit \u00c4nderungen an dieser Datenschutzerkl\u00e4rung vorzunehmen. Die Datenschutzerkl\u00e4rung wird regelm\u00e4\u00dfig aktualisiert und alle \u00c4nderungen werden automatisch auf unserer Webseite ver\u00f6ffentlicht.<\/p>\t\t\t\t\t\t<\/div>\n\t\t\t\t<\/div>\n\t\t\t\t\t<\/div>\n\t\t<\/div>\n\t\t\t\t\t\t\t<\/div>\n\t\t<\/section>\n\t\t\t\t\t\t\t<\/div>\n\t\t","protected":false},"excerpt":{"rendered":"<p>Datenschutz Datenschutzerkl\u00e4rung I. Name und Anschrift des Verantwortlichen Der Verantwortliche im Sinne der Datenschutz-Grundverordnung (DSGVO) und anderer datenschutzrechtlicher Bestimmungen ist: Support Studios Research GmbH Zeil 77 60313 Frankfurt am Main Deutschland Telefon: +49 (0) 69 968 699 0 E-Mail: dataprotection@support-studios.com URL: www.support-studios.com II. Kontaktdaten des Datenschutzbeauftragten Der Datenschutzbeauftragte des Verantwortlichen ist: DataCo GmbH Dachauer Stra\u00dfe [&hellip;]<\/p>\n","protected":false},"author":1,"featured_media":0,"parent":0,"menu_order":0,"comment_status":"closed","ping_status":"closed","template":"","meta":{"_acf_changed":false,"footnotes":""},"class_list":["post-4007","page","type-page","status-publish","hentry"],"acf":[],"_links":{"self":[{"href":"https:\/\/www.support-studios.com\/de\/wp-json\/wp\/v2\/pages\/4007","targetHints":{"allow":["GET"]}}],"collection":[{"href":"https:\/\/www.support-studios.com\/de\/wp-json\/wp\/v2\/pages"}],"about":[{"href":"https:\/\/www.support-studios.com\/de\/wp-json\/wp\/v2\/types\/page"}],"author":[{"embeddable":true,"href":"https:\/\/www.support-studios.com\/de\/wp-json\/wp\/v2\/users\/1"}],"replies":[{"embeddable":true,"href":"https:\/\/www.support-studios.com\/de\/wp-json\/wp\/v2\/comments?post=4007"}],"version-history":[{"count":1,"href":"https:\/\/www.support-studios.com\/de\/wp-json\/wp\/v2\/pages\/4007\/revisions"}],"predecessor-version":[{"id":4574,"href":"https:\/\/www.support-studios.com\/de\/wp-json\/wp\/v2\/pages\/4007\/revisions\/4574"}],"wp:attachment":[{"href":"https:\/\/www.support-studios.com\/de\/wp-json\/wp\/v2\/media?parent=4007"}],"curies":[{"name":"wp","href":"https:\/\/api.w.org\/{rel}","templated":true}]}}